{"id":5164,"date":"2022-03-23T10:02:39","date_gmt":"2022-03-23T10:02:39","guid":{"rendered":"https:\/\/paresbalta.com\/visitas\/"},"modified":"2026-01-09T17:55:23","modified_gmt":"2026-01-09T16:55:23","slug":"visites","status":"publish","type":"page","link":"https:\/\/paresbalta.com\/ca\/visites\/","title":{"rendered":"Visites"},"content":{"rendered":"\n<div class=\"wp-block-columns alignfull visites is-layout-flex wp-container-core-columns-is-layout-9d6595d7 wp-block-columns-is-layout-flex\">\n<div class=\"wp-block-column is-vertically-aligned-top visita_col is-layout-flow wp-block-column-is-layout-flow\">\n<div class=\"wp-block-cover has-custom-content-position is-position-bottom-center home-block-cover visites\"><img loading=\"lazy\" decoding=\"async\" width=\"1667\" height=\"2500\" class=\"wp-block-cover__image-background wp-image-2350\" alt=\"\" src=\"https:\/\/paresbalta.com\/wp-content\/uploads\/2022\/05\/Visita-Degustacio-Essence.jpg\" data-object-fit=\"cover\" srcset=\"https:\/\/paresbalta.com\/wp-content\/uploads\/2022\/05\/Visita-Degustacio-Essence.jpg 1667w, https:\/\/paresbalta.com\/wp-content\/uploads\/2022\/05\/Visita-Degustacio-Essence-300x450.jpg 300w, https:\/\/paresbalta.com\/wp-content\/uploads\/2022\/05\/Visita-Degustacio-Essence-600x900.jpg 600w, https:\/\/paresbalta.com\/wp-content\/uploads\/2022\/05\/Visita-Degustacio-Essence-200x300.jpg 200w, https:\/\/paresbalta.com\/wp-content\/uploads\/2022\/05\/Visita-Degustacio-Essence-683x1024.jpg 683w, https:\/\/paresbalta.com\/wp-content\/uploads\/2022\/05\/Visita-Degustacio-Essence-768x1152.jpg 768w, https:\/\/paresbalta.com\/wp-content\/uploads\/2022\/05\/Visita-Degustacio-Essence-1024x1536.jpg 1024w, https:\/\/paresbalta.com\/wp-content\/uploads\/2022\/05\/Visita-Degustacio-Essence-1366x2048.jpg 1366w, https:\/\/paresbalta.com\/wp-content\/uploads\/2022\/05\/Visita-Degustacio-Essence-100x150.jpg 100w\" sizes=\"auto, (max-width: 1667px) 100vw, 1667px\" \/><span aria-hidden=\"true\" class=\"wp-block-cover__background has-background-dim-0 has-background-dim\"><\/span><div class=\"wp-block-cover__inner-container is-layout-flow wp-block-cover-is-layout-flow\">\n<div class=\"wp-block-group\"><div class=\"wp-block-group__inner-container is-layout-flow wp-block-group-is-layout-flow\">\n<h2 class=\"wp-block-heading has-text-align-center has-text-color\" style=\"color:#524138\">Visita el celler<\/h2>\n\n\n\n<p class=\"has-text-align-center has-text-color\" style=\"color:#524138;font-size:1.2rem\">Degustaci\u00f3 Essence<\/p>\n\n\n<p class=\"from-price\">Des de: <span class=\"woocommerce-Price-amount amount\"><bdi>30,00<span class=\"woocommerce-Price-currencySymbol\">&euro;<\/span><\/bdi><\/span><\/p>\n\n\n\n<div class=\"wp-block-buttons is-content-justification-center is-layout-flex wp-container-core-buttons-is-layout-16018d1d wp-block-buttons-is-layout-flex\">\n<div class=\"wp-block-button rounded-btn is-style-outline is-style-outline--2\"><a class=\"wp-block-button__link has-text-color has-background wp-element-button\" href=\"https:\/\/paresbalta.com\/ca\/visita-el-celler-essence\/\" style=\"color:#524138;background-color:#ffffff00\">Reserva o regala<\/a><\/div>\n<\/div>\n<\/div><\/div>\n<\/div><\/div>\n<\/div>\n\n\n\n<div class=\"wp-block-column is-vertically-aligned-top visita_col is-layout-flow wp-block-column-is-layout-flow\">\n<div class=\"wp-block-cover is-light has-custom-content-position is-position-bottom-center home-block-cover visites\"><img loading=\"lazy\" decoding=\"async\" width=\"2500\" height=\"1667\" class=\"wp-block-cover__image-background wp-image-4958\" alt=\"\" src=\"https:\/\/paresbalta.com\/wp-content\/uploads\/2022\/05\/Foto-Home-Apartat-Experiencias-Autenticas-2.jpg\" data-object-fit=\"cover\" srcset=\"https:\/\/paresbalta.com\/wp-content\/uploads\/2022\/05\/Foto-Home-Apartat-Experiencias-Autenticas-2.jpg 2500w, https:\/\/paresbalta.com\/wp-content\/uploads\/2022\/05\/Foto-Home-Apartat-Experiencias-Autenticas-2-300x200.jpg 300w, https:\/\/paresbalta.com\/wp-content\/uploads\/2022\/05\/Foto-Home-Apartat-Experiencias-Autenticas-2-600x400.jpg 600w, https:\/\/paresbalta.com\/wp-content\/uploads\/2022\/05\/Foto-Home-Apartat-Experiencias-Autenticas-2-1024x683.jpg 1024w, https:\/\/paresbalta.com\/wp-content\/uploads\/2022\/05\/Foto-Home-Apartat-Experiencias-Autenticas-2-768x512.jpg 768w, https:\/\/paresbalta.com\/wp-content\/uploads\/2022\/05\/Foto-Home-Apartat-Experiencias-Autenticas-2-1536x1024.jpg 1536w, https:\/\/paresbalta.com\/wp-content\/uploads\/2022\/05\/Foto-Home-Apartat-Experiencias-Autenticas-2-2048x1366.jpg 2048w, https:\/\/paresbalta.com\/wp-content\/uploads\/2022\/05\/Foto-Home-Apartat-Experiencias-Autenticas-2-100x67.jpg 100w\" sizes=\"auto, (max-width: 2500px) 100vw, 2500px\" \/><span aria-hidden=\"true\" class=\"wp-block-cover__background has-background-dim-0 has-background-dim\"><\/span><div class=\"wp-block-cover__inner-container is-layout-flow wp-block-cover-is-layout-flow\">\n<div class=\"wp-block-group\"><div class=\"wp-block-group__inner-container is-layout-flow wp-block-group-is-layout-flow\">\n<h2 class=\"wp-block-heading has-text-align-center has-text-color\" style=\"color:#524138\">Visita el celler<\/h2>\n\n\n\n<p class=\"has-text-align-center has-text-color\" style=\"color:#524138;font-size:1.2rem\">Degustaci\u00f3 4 DO&#8217;s<\/p>\n\n\n<p class=\"from-price\">Des de: <span class=\"woocommerce-Price-amount amount\"><bdi>75,00<span class=\"woocommerce-Price-currencySymbol\">&euro;<\/span><\/bdi><\/span><\/p>\n\n\n\n<div class=\"wp-block-buttons is-content-justification-center is-layout-flex wp-container-core-buttons-is-layout-16018d1d wp-block-buttons-is-layout-flex\">\n<div class=\"wp-block-button rounded-btn is-style-outline is-style-outline--3\"><a class=\"wp-block-button__link has-text-color has-background wp-element-button\" href=\"https:\/\/paresbalta.com\/ca\/visita-el-celler-familiar-4dos\/\" style=\"color:#524138;background-color:#ffffff00\">Reserva o regala<\/a><\/div>\n<\/div>\n<\/div><\/div>\n<\/div><\/div>\n<\/div>\n\n\n\n<div class=\"wp-block-column is-vertically-aligned-top visita_col is-layout-flow wp-block-column-is-layout-flow\">\n<div class=\"wp-block-cover is-light has-custom-content-position is-position-bottom-center home-block-cover visites\"><img loading=\"lazy\" decoding=\"async\" width=\"1667\" height=\"2500\" class=\"wp-block-cover__image-background wp-image-4962\" alt=\"\" src=\"https:\/\/paresbalta.com\/wp-content\/uploads\/2022\/05\/Foto-Visitanos-Terroir-Tour.jpg\" data-object-fit=\"cover\" srcset=\"https:\/\/paresbalta.com\/wp-content\/uploads\/2022\/05\/Foto-Visitanos-Terroir-Tour.jpg 1667w, https:\/\/paresbalta.com\/wp-content\/uploads\/2022\/05\/Foto-Visitanos-Terroir-Tour-300x450.jpg 300w, https:\/\/paresbalta.com\/wp-content\/uploads\/2022\/05\/Foto-Visitanos-Terroir-Tour-600x900.jpg 600w, https:\/\/paresbalta.com\/wp-content\/uploads\/2022\/05\/Foto-Visitanos-Terroir-Tour-200x300.jpg 200w, https:\/\/paresbalta.com\/wp-content\/uploads\/2022\/05\/Foto-Visitanos-Terroir-Tour-683x1024.jpg 683w, https:\/\/paresbalta.com\/wp-content\/uploads\/2022\/05\/Foto-Visitanos-Terroir-Tour-768x1152.jpg 768w, https:\/\/paresbalta.com\/wp-content\/uploads\/2022\/05\/Foto-Visitanos-Terroir-Tour-1024x1536.jpg 1024w, https:\/\/paresbalta.com\/wp-content\/uploads\/2022\/05\/Foto-Visitanos-Terroir-Tour-1366x2048.jpg 1366w, https:\/\/paresbalta.com\/wp-content\/uploads\/2022\/05\/Foto-Visitanos-Terroir-Tour-100x150.jpg 100w\" sizes=\"auto, (max-width: 1667px) 100vw, 1667px\" \/><span aria-hidden=\"true\" class=\"wp-block-cover__background has-background-dim-0 has-background-dim\"><\/span><div class=\"wp-block-cover__inner-container is-layout-flow wp-block-cover-is-layout-flow\">\n<div class=\"wp-block-group\"><div class=\"wp-block-group__inner-container is-layout-flow wp-block-group-is-layout-flow\">\n<h2 class=\"wp-block-heading has-text-align-center has-text-color\" style=\"color:#524138\">Terroir Tour en 4&#215;4<\/h2>\n\n\n\n<p class=\"has-text-align-center has-text-color\" style=\"color:#524138;font-size:1.2rem\">Degustaci\u00f3 Essence<\/p>\n\n\n<p class=\"from-price\">Des de: <span class=\"woocommerce-Price-amount amount\"><bdi>95,00<span class=\"woocommerce-Price-currencySymbol\">&euro;<\/span><\/bdi><\/span><\/p>\n\n\n\n<div class=\"wp-block-buttons is-content-justification-center is-layout-flex wp-container-core-buttons-is-layout-16018d1d wp-block-buttons-is-layout-flex\">\n<div class=\"wp-block-button rounded-btn is-style-outline is-style-outline--4\"><a class=\"wp-block-button__link has-text-color has-background wp-element-button\" href=\"https:\/\/paresbalta.com\/ca\/terroir-tour-en-4x4\/\" style=\"color:#524138;background-color:#ffffff00\">Reserva o regala<\/a><\/div>\n<\/div>\n<\/div><\/div>\n<\/div><\/div>\n<\/div>\n<\/div>\n\n\n\n<div class=\"wp-block-columns alignfull visites is-layout-flex wp-container-core-columns-is-layout-9d6595d7 wp-block-columns-is-layout-flex\">\n<div class=\"wp-block-column is-vertically-aligned-top visita_col is-layout-flow wp-block-column-is-layout-flow\">\n<div class=\"wp-block-cover has-custom-content-position is-position-bottom-center home-block-cover visites\"><img loading=\"lazy\" decoding=\"async\" width=\"1667\" height=\"2500\" class=\"wp-block-cover__image-background wp-image-2356\" alt=\"\" src=\"https:\/\/paresbalta.com\/wp-content\/uploads\/2022\/05\/Visita-Maridatge-Formatge.jpg\" style=\"object-position:50% 88%\" data-object-fit=\"cover\" data-object-position=\"50% 88%\" srcset=\"https:\/\/paresbalta.com\/wp-content\/uploads\/2022\/05\/Visita-Maridatge-Formatge.jpg 1667w, https:\/\/paresbalta.com\/wp-content\/uploads\/2022\/05\/Visita-Maridatge-Formatge-300x450.jpg 300w, https:\/\/paresbalta.com\/wp-content\/uploads\/2022\/05\/Visita-Maridatge-Formatge-600x900.jpg 600w, https:\/\/paresbalta.com\/wp-content\/uploads\/2022\/05\/Visita-Maridatge-Formatge-200x300.jpg 200w, https:\/\/paresbalta.com\/wp-content\/uploads\/2022\/05\/Visita-Maridatge-Formatge-683x1024.jpg 683w, https:\/\/paresbalta.com\/wp-content\/uploads\/2022\/05\/Visita-Maridatge-Formatge-768x1152.jpg 768w, https:\/\/paresbalta.com\/wp-content\/uploads\/2022\/05\/Visita-Maridatge-Formatge-1024x1536.jpg 1024w, https:\/\/paresbalta.com\/wp-content\/uploads\/2022\/05\/Visita-Maridatge-Formatge-1366x2048.jpg 1366w, https:\/\/paresbalta.com\/wp-content\/uploads\/2022\/05\/Visita-Maridatge-Formatge-100x150.jpg 100w\" sizes=\"auto, (max-width: 1667px) 100vw, 1667px\" \/><span aria-hidden=\"true\" class=\"wp-block-cover__background has-background-dim-0 has-background-dim\"><\/span><div class=\"wp-block-cover__inner-container is-layout-flow wp-block-cover-is-layout-flow\">\n<div class=\"wp-block-group\"><div class=\"wp-block-group__inner-container is-layout-flow wp-block-group-is-layout-flow\">\n<h2 class=\"wp-block-heading has-text-align-center has-text-color\" style=\"color:#524138\">Maridatge de formatges<\/h2>\n\n\n\n<p class=\"has-text-align-center has-text-color\" style=\"color:#524138;font-size:1.2rem\">Amb vi i cava ecol\u00f2gic<\/p>\n\n\n<p class=\"from-price\">Des de: <span class=\"woocommerce-Price-amount amount\"><bdi>45,00<span class=\"woocommerce-Price-currencySymbol\">&euro;<\/span><\/bdi><\/span><\/p>\n\n\n\n<div class=\"wp-block-buttons is-content-justification-center is-layout-flex wp-container-core-buttons-is-layout-16018d1d wp-block-buttons-is-layout-flex\">\n<div class=\"wp-block-button rounded-btn is-style-outline is-style-outline--5\"><a class=\"wp-block-button__link has-text-color has-background wp-element-button\" href=\"https:\/\/paresbalta.com\/ca\/maridatge-de-formatges\/\" style=\"color:#524138;background-color:#ffffff00\">Reserva o regala<\/a><\/div>\n<\/div>\n<\/div><\/div>\n<\/div><\/div>\n<\/div>\n\n\n\n<div class=\"wp-block-column is-vertically-aligned-top visita_col is-layout-flow wp-block-column-is-layout-flow\">\n<div class=\"wp-block-cover is-light has-custom-content-position is-position-bottom-center home-block-cover visites\"><img loading=\"lazy\" decoding=\"async\" width=\"1667\" height=\"2500\" class=\"wp-block-cover__image-background wp-image-2360\" alt=\"\" src=\"https:\/\/paresbalta.com\/wp-content\/uploads\/2022\/05\/Visita-Maridatge-xocolates.jpg\" data-object-fit=\"cover\" srcset=\"https:\/\/paresbalta.com\/wp-content\/uploads\/2022\/05\/Visita-Maridatge-xocolates.jpg 1667w, https:\/\/paresbalta.com\/wp-content\/uploads\/2022\/05\/Visita-Maridatge-xocolates-300x450.jpg 300w, https:\/\/paresbalta.com\/wp-content\/uploads\/2022\/05\/Visita-Maridatge-xocolates-600x900.jpg 600w, https:\/\/paresbalta.com\/wp-content\/uploads\/2022\/05\/Visita-Maridatge-xocolates-200x300.jpg 200w, https:\/\/paresbalta.com\/wp-content\/uploads\/2022\/05\/Visita-Maridatge-xocolates-683x1024.jpg 683w, https:\/\/paresbalta.com\/wp-content\/uploads\/2022\/05\/Visita-Maridatge-xocolates-768x1152.jpg 768w, https:\/\/paresbalta.com\/wp-content\/uploads\/2022\/05\/Visita-Maridatge-xocolates-1024x1536.jpg 1024w, https:\/\/paresbalta.com\/wp-content\/uploads\/2022\/05\/Visita-Maridatge-xocolates-1366x2048.jpg 1366w, https:\/\/paresbalta.com\/wp-content\/uploads\/2022\/05\/Visita-Maridatge-xocolates-100x150.jpg 100w\" sizes=\"auto, (max-width: 1667px) 100vw, 1667px\" \/><span aria-hidden=\"true\" class=\"wp-block-cover__background has-background-dim-0 has-background-dim\"><\/span><div class=\"wp-block-cover__inner-container is-layout-flow wp-block-cover-is-layout-flow\">\n<div class=\"wp-block-group\"><div class=\"wp-block-group__inner-container is-layout-flow wp-block-group-is-layout-flow\">\n<h2 class=\"wp-block-heading has-text-align-center has-text-color\" style=\"color:#524138\">Maridatge de xocolates<\/h2>\n\n\n\n<p class=\"has-text-align-center has-text-color\" style=\"color:#524138;font-size:1.2rem\">Amb vi i cava ecol\u00f2gic<\/p>\n\n\n<p class=\"from-price\">Des de: <span class=\"woocommerce-Price-amount amount\"><bdi>45,00<span class=\"woocommerce-Price-currencySymbol\">&euro;<\/span><\/bdi><\/span><\/p>\n\n\n\n<div class=\"wp-block-buttons is-content-justification-center is-layout-flex wp-container-core-buttons-is-layout-16018d1d wp-block-buttons-is-layout-flex\">\n<div class=\"wp-block-button rounded-btn is-style-outline is-style-outline--6\"><a class=\"wp-block-button__link has-text-color has-background wp-element-button\" href=\"https:\/\/paresbalta.com\/ca\/maridatge-de-xocolates\/\" style=\"color:#524138;background-color:#ffffff00\">Reserva o regala<\/a><\/div>\n<\/div>\n<\/div><\/div>\n<\/div><\/div>\n<\/div>\n\n\n\n<div class=\"wp-block-column is-vertically-aligned-top visita_col is-layout-flow wp-block-column-is-layout-flow\">\n<div class=\"wp-block-cover has-custom-content-position is-position-bottom-center home-block-cover visites\"><img loading=\"lazy\" decoding=\"async\" width=\"1667\" height=\"2500\" class=\"wp-block-cover__image-background wp-image-2363\" alt=\"\" src=\"https:\/\/paresbalta.com\/wp-content\/uploads\/2022\/05\/Foto-Visita-Esdeveniments-a-mida.jpg\" data-object-fit=\"cover\" srcset=\"https:\/\/paresbalta.com\/wp-content\/uploads\/2022\/05\/Foto-Visita-Esdeveniments-a-mida.jpg 1667w, https:\/\/paresbalta.com\/wp-content\/uploads\/2022\/05\/Foto-Visita-Esdeveniments-a-mida-300x450.jpg 300w, https:\/\/paresbalta.com\/wp-content\/uploads\/2022\/05\/Foto-Visita-Esdeveniments-a-mida-600x900.jpg 600w, https:\/\/paresbalta.com\/wp-content\/uploads\/2022\/05\/Foto-Visita-Esdeveniments-a-mida-200x300.jpg 200w, https:\/\/paresbalta.com\/wp-content\/uploads\/2022\/05\/Foto-Visita-Esdeveniments-a-mida-683x1024.jpg 683w, https:\/\/paresbalta.com\/wp-content\/uploads\/2022\/05\/Foto-Visita-Esdeveniments-a-mida-768x1152.jpg 768w, https:\/\/paresbalta.com\/wp-content\/uploads\/2022\/05\/Foto-Visita-Esdeveniments-a-mida-1024x1536.jpg 1024w, https:\/\/paresbalta.com\/wp-content\/uploads\/2022\/05\/Foto-Visita-Esdeveniments-a-mida-1366x2048.jpg 1366w, https:\/\/paresbalta.com\/wp-content\/uploads\/2022\/05\/Foto-Visita-Esdeveniments-a-mida-100x150.jpg 100w\" sizes=\"auto, (max-width: 1667px) 100vw, 1667px\" \/><span aria-hidden=\"true\" class=\"wp-block-cover__background has-background-dim-0 has-background-dim\"><\/span><div class=\"wp-block-cover__inner-container is-layout-flow wp-block-cover-is-layout-flow\">\n<div class=\"wp-block-group\"><div class=\"wp-block-group__inner-container is-layout-flow wp-block-group-is-layout-flow\">\n<h2 class=\"wp-block-heading has-text-align-center has-text-color\" style=\"color:#524138\">Visites i esdeveniments a mida<\/h2>\n\n\n\n<p class=\"has-text-align-center has-text-color\" style=\"color:#524138;font-size:1.2rem\">Explica&#8217;ns qu\u00e8 et ve de gust i t&#8217;organitzarem una experi\u00e8ncia personalitzada segons els teus interessos i necessitats<\/p>\n\n\n\n<div class=\"wp-block-buttons is-content-justification-center is-layout-flex wp-container-core-buttons-is-layout-16018d1d wp-block-buttons-is-layout-flex\">\n<div class=\"wp-block-button rounded-btn is-style-outline is-style-outline--7\"><a class=\"wp-block-button__link has-text-color has-background wp-element-button\" href=\"https:\/\/paresbalta.com\/ca\/contactar\/\" style=\"color:#524138;background-color:#ffffff00\">Contacta&#8217;ns<\/a><\/div>\n<\/div>\n<\/div><\/div>\n<\/div><\/div>\n<\/div>\n<\/div>\n\n\n\n<div class=\"wp-block-columns alignfull visites is-layout-flex wp-container-core-columns-is-layout-9d6595d7 wp-block-columns-is-layout-flex\">\n<div class=\"wp-block-column is-vertically-aligned-top text-column is-layout-flow wp-block-column-is-layout-flow\">\n<div class=\"wp-block-group align-middle-items\"><div class=\"wp-block-group__inner-container is-layout-flow wp-block-group-is-layout-flow\">\n<h2 class=\"wp-block-heading has-text-align-left\">Regala visites a Par\u00e9s Balt\u00e0<\/h2>\n\n\n\n<p>Si et ve de gust compartir les nostres experi\u00e8ncies amb els teus familiars o amics, t\u2019oferim la possibilitat de regalar una visita oferint-te un val regal.<\/p>\n\n\n\n<p>Escull la visita o maridatge que vols regalar i entra-hi. Selecciona la opci\u00f3 Regala. Introdueix el n\u00famero de visites o maridatges que vols regalar, el nom del beneficiari, el missatge de felicitaci\u00f3 i el format de val regal: digital o enviament f\u00edsic (amb un cost extra).<\/p>\n\n\n\n<p>En aquest moment no cal escollir la data de visita: aix\u00f2 ho pot fer la persona receptora en un termini d\u2019un any des de la data de compra.<\/p>\n\n\n\n<p>Finalitza la compra afegint el val regal al carret, i en uns minuts rebr\u00e0s un correu de confirmaci\u00f3 on hi trobar\u00e0s l\u2019enlla\u00e7 per descarregar-te el val regal personalitzat amb el nom del destinatari en format PDF.<\/p>\n<\/div><\/div>\n<\/div>\n\n\n\n<div class=\"wp-block-column is-vertically-aligned-top text-column has-white-color has-text-color has-background is-layout-flow wp-block-column-is-layout-flow\" style=\"background-color:#524138\">\n<div class=\"wp-block-group accordion light big align-middle-items\"><div class=\"wp-block-group__inner-container is-layout-flow wp-block-group-is-layout-flow\">\n<div class=\"wp-block-pb-accordion-item c-accordion__item js-accordion-item no-js\" data-initially-open=\"false\" data-click-to-close=\"true\" data-auto-close=\"true\" data-scroll=\"false\" data-scroll-offset=\"0\"><h4 id=\"at-51646\" class=\"c-accordion__title js-accordion-controller\" role=\"button\">Horari<\/h4><div id=\"ac-51646\" class=\"c-accordion__content\">\n<p>El celler, la terrassa chill out i la botiga de vins estan obertes durant tot l&#8217;any, de dilluns a diumenge de 9:30h a 18:30h. Excepte els seg\u00fcents dies festius: 1 i 6 de gener, 24 de juny, 25 i 26 de desembre.<\/p>\n<\/div><\/div>\n\n\n\n<div class=\"wp-block-pb-accordion-item c-accordion__item js-accordion-item no-js\" data-initially-open=\"false\" data-click-to-close=\"true\" data-auto-close=\"true\" data-scroll=\"false\" data-scroll-offset=\"0\"><h4 id=\"at-51647\" class=\"c-accordion__title js-accordion-controller\" role=\"button\">Reserves<\/h4><div id=\"ac-51647\" class=\"c-accordion__content\">\n<p>\u00c9s molt recomanable reservar les visites amb antelaci\u00f3 si vols gaudir d&#8217;un tour guiat.<\/p>\n<\/div><\/div>\n\n\n\n<div class=\"wp-block-pb-accordion-item c-accordion__item js-accordion-item no-js\" data-initially-open=\"false\" data-click-to-close=\"true\" data-auto-close=\"true\" data-scroll=\"false\" data-scroll-offset=\"0\"><h4 id=\"at-51648\" class=\"c-accordion__title js-accordion-controller\" role=\"button\">Aparcament<\/h4><div id=\"ac-51648\" class=\"c-accordion__content\">\n<p>Places de parking disponibles.<\/p>\n<\/div><\/div>\n\n\n\n<div class=\"wp-block-pb-accordion-item c-accordion__item js-accordion-item no-js\" data-initially-open=\"false\" data-click-to-close=\"true\" data-auto-close=\"true\" data-scroll=\"false\" data-scroll-offset=\"0\"><h4 id=\"at-51649\" class=\"c-accordion__title js-accordion-controller\" role=\"button\">Idiomes<\/h4><div id=\"ac-51649\" class=\"c-accordion__content\">\n<p>Les visites guiades s\u00f3n en Catal\u00e0, Castell\u00e0 i Angl\u00e8s.<br>En Franc\u00e8s nom\u00e9s sota <a href=\"https:\/\/paresbalta.com\/ca\/contactar\/\" data-type=\"page\" data-id=\"5615\" target=\"_blank\" rel=\"noreferrer noopener\">petici\u00f3<\/a>.<\/p>\n<\/div><\/div>\n\n\n\n<div class=\"wp-block-pb-accordion-item c-accordion__item js-accordion-item no-js\" data-initially-open=\"false\" data-click-to-close=\"true\" data-auto-close=\"true\" data-scroll=\"false\" data-scroll-offset=\"0\"><h4 id=\"at-516410\" class=\"c-accordion__title js-accordion-controller\" role=\"button\">Visites i esdeveniments a mida<\/h4><div id=\"ac-516410\" class=\"c-accordion__content\">\n<p>Oferim visites personalitzades per a grups privats, esdeveniments, meetings o confer\u00e8ncies d&#8217;empresa. Explica&#8217;ns quina idea tens omplint el formulari de <a href=\"https:\/\/paresbalta.com\/ca\/contactar\/\" target=\"_blank\" rel=\"noreferrer noopener\">contacte<\/a>.<\/p>\n<\/div><\/div>\n\n\n\n<div class=\"wp-block-pb-accordion-item c-accordion__item js-accordion-item no-js\" data-initially-open=\"false\" data-click-to-close=\"true\" data-auto-close=\"true\" data-scroll=\"false\" data-scroll-offset=\"0\"><h4 id=\"at-516411\" class=\"c-accordion__title js-accordion-controller\" role=\"button\">Com arribar<\/h4><div id=\"ac-516411\" class=\"c-accordion__content\">\n<p class=\"white-link\"><i class=\"fa fa-map-marker\" aria-hidden=\"true\"><\/i> <a href=\"https:\/\/www.google.com\/maps\/place\/Caves+Par%C3%A9s+Balt%C3%A0\/@41.3684472,1.6513445,17z\/data=!3m1!4b1!4m5!3m4!1s0x12a470bc5e882ea5:0x73b61198fa01028e!8m2!3d41.3684472!4d1.6535332?hl=es-ES\" target=\"_blank\" rel=\"noreferrer noopener\">Masia Can Balt\u00e0, s\/n &#8211; 08796 Pacs del Pened\u00e8s (Barcelona)<\/a><\/p>\n\n\n\n<p class=\"white-link\"><i class=\"fa fa-car\" aria-hidden=\"true\"> <\/i> Graus decimals: <a href=\"https:\/\/www.google.com\/maps\/place\/Caves+Par%C3%A9s+Balt%C3%A0\/@41.369307,1.6567501,17z\/data=!3m1!4b1!4m6!3m5!1s0x12a470bc5e882ea5:0x73b61198fa01028e!8m2!3d41.369307!4d1.6567501!16s%2Fg%2F1th46jzp?hl=es-ES&amp;entry=ttu\" target=\"_blank\" rel=\"noopener\">41.369455954765925, 1.6567071846598336<\/a><\/p>\n\n\n\n<p><i class=\"fa fa-car\" aria-hidden=\"true\"> <\/i> Graus, minuts i segons: <a href=\"https:\/\/www.google.com\/maps\/place\/Caves+Par%C3%A9s+Balt%C3%A0\/@41.369307,1.6567501,17z\/data=!3m1!4b1!4m6!3m5!1s0x12a470bc5e882ea5:0x73b61198fa01028e!8m2!3d41.369307!4d1.6567501!16s%2Fg%2F1th46jzp?hl=es-ES&amp;entry=ttu\" target=\"_blank\" rel=\"noopener\">41\u00b0 22&#8242; 10.128&#8243; N 1\u00b0 39&#8242; 24.107&#8243; E<\/a><\/p>\n\n\n\n<p><i class=\"fa fa-car\" aria-hidden=\"true\"><\/i> Des de Barcelona, ves per l\u2019autopista AP-7 direcci\u00f3 Tarragona i pren la sortida 28&nbsp;-Vilafranca del Pened\u00e8s Nord. Segueix tot recte, en direcci\u00f3 al centre de la ciutat. Quan hi siguis, just despr\u00e9s de&nbsp;creuar un pas de vianants for\u00e7a gran, veur\u00e0s a la dreta un cartell que indica Sant Mart\u00ed Sarroca. Haur\u00e0s de seguir les indicacions cap a aquest poble, deixant Vilafranca endarrere i prenent la carretera BP-2121. A 5km trobar\u00e0s el celler a m\u00e0 dreta.<br><strong>Durada del trajecte:<\/strong>&nbsp;1 hora.<\/p>\n\n\n\n<div style=\"height:15px\" aria-hidden=\"true\" class=\"wp-block-spacer\"><\/div>\n\n\n\n<p><i class=\"fa fa-subway\" aria-hidden=\"true\"><\/i> + <i class=\"fa fa-car\" aria-hidden=\"true\"><\/i> Des de l\u2019estaci\u00f3 de Barcelona Sants o Pla\u00e7a Catalunya, agafa la Renfe l\u00ednia R4 direcci\u00f3 Sant Vicen\u00e7 de Calders. Baixa a la parada Vilafranca del Pened\u00e8s. A la sortida de l\u2019estaci\u00f3, es pot agafar un&nbsp;taxi per a que et porti fins al celler que est\u00e0 situat a tan sols 5km.<br><strong>Durada del trajecte:<\/strong>&nbsp;1 hora i 15 minuts.<\/p>\n<\/div><\/div>\n<\/div><\/div>\n<\/div>\n<\/div>\n\n\n\n<div class=\"wp-block-cover alignfull is-light home-block-cover\"><img loading=\"lazy\" decoding=\"async\" width=\"2500\" height=\"1667\" class=\"wp-block-cover__image-background wp-image-643\" alt=\"\" src=\"https:\/\/paresbalta.com\/wp-content\/uploads\/2022\/04\/ParesBalta38.jpg\" data-object-fit=\"cover\" srcset=\"https:\/\/paresbalta.com\/wp-content\/uploads\/2022\/04\/ParesBalta38.jpg 2500w, https:\/\/paresbalta.com\/wp-content\/uploads\/2022\/04\/ParesBalta38-300x200.jpg 300w, https:\/\/paresbalta.com\/wp-content\/uploads\/2022\/04\/ParesBalta38-600x400.jpg 600w, https:\/\/paresbalta.com\/wp-content\/uploads\/2022\/04\/ParesBalta38-1024x683.jpg 1024w, https:\/\/paresbalta.com\/wp-content\/uploads\/2022\/04\/ParesBalta38-768x512.jpg 768w, https:\/\/paresbalta.com\/wp-content\/uploads\/2022\/04\/ParesBalta38-1536x1024.jpg 1536w, https:\/\/paresbalta.com\/wp-content\/uploads\/2022\/04\/ParesBalta38-2048x1366.jpg 2048w, https:\/\/paresbalta.com\/wp-content\/uploads\/2022\/04\/ParesBalta38-100x67.jpg 100w\" sizes=\"auto, (max-width: 2500px) 100vw, 2500px\" \/><span aria-hidden=\"true\" class=\"wp-block-cover__background has-background-dim\"><\/span><div class=\"wp-block-cover__inner-container is-layout-flow wp-block-cover-is-layout-flow\">\n<h2 class=\"wp-block-heading has-text-align-center has-white-color has-text-color\" style=\"font-size:2.5rem\">Experi\u00e8ncies enotur\u00edstiques en un entorn natural<\/h2>\n\n\n\n<p class=\"has-text-align-center max-width-header small has-white-color has-text-color\" style=\"font-size:1.5rem\">Visites a les nostres vinyes biodin\u00e0miques, tastos de vins i caves ecol\u00f2gics, maridatges amb formatges o xocolates i molt m\u00e9s&#8230;<\/p>\n<\/div><\/div>\n","protected":false},"excerpt":{"rendered":"<p>Regala visites a Par\u00e9s Balt\u00e0 Si et ve de gust compartir les nostres experi\u00e8ncies amb els teus familiars o amics, t\u2019oferim la possibilitat de regalar una visita oferint-te un val regal. Escull la visita o maridatge que vols regalar i entra-hi. Selecciona la opci\u00f3 Regala. Introdueix el n\u00famero de visites o maridatges que vols regalar,&#8230;<\/p>\n<p><a class=\"btn btn-secondary understrap-read-more-link\" href=\"https:\/\/paresbalta.com\/ca\/visites\/\">Llegeix m\u00e9s<span class=\"screen-reader-text\"> from Visites<\/span><\/a><\/p>\n","protected":false},"author":1,"featured_media":0,"parent":0,"menu_order":0,"comment_status":"closed","ping_status":"closed","template":"","meta":{"_acf_changed":false,"footnotes":""},"class_list":["post-5164","page","type-page","status-publish","hentry"],"acf":[],"_links":{"self":[{"href":"https:\/\/paresbalta.com\/ca\/wp-json\/wp\/v2\/pages\/5164","targetHints":{"allow":["GET"]}}],"collection":[{"href":"https:\/\/paresbalta.com\/ca\/wp-json\/wp\/v2\/pages"}],"about":[{"href":"https:\/\/paresbalta.com\/ca\/wp-json\/wp\/v2\/types\/page"}],"author":[{"embeddable":true,"href":"https:\/\/paresbalta.com\/ca\/wp-json\/wp\/v2\/users\/1"}],"replies":[{"embeddable":true,"href":"https:\/\/paresbalta.com\/ca\/wp-json\/wp\/v2\/comments?post=5164"}],"version-history":[{"count":20,"href":"https:\/\/paresbalta.com\/ca\/wp-json\/wp\/v2\/pages\/5164\/revisions"}],"predecessor-version":[{"id":290785,"href":"https:\/\/paresbalta.com\/ca\/wp-json\/wp\/v2\/pages\/5164\/revisions\/290785"}],"wp:attachment":[{"href":"https:\/\/paresbalta.com\/ca\/wp-json\/wp\/v2\/media?parent=5164"}],"curies":[{"name":"wp","href":"https:\/\/api.w.org\/{rel}","templated":true}]}}